{"id":3,"date":"2025-01-20T12:37:41","date_gmt":"2025-01-20T12:37:41","guid":{"rendered":"https:\/\/cubovertical.pt\/?page_id=3"},"modified":"2025-02-18T18:58:48","modified_gmt":"2025-02-18T18:58:48","slug":"politica-de-privacidade","status":"publish","type":"page","link":"https:\/\/cubovertical.pt\/en\/politica-de-privacidade\/","title":{"rendered":"Pol\u00edtica de Privacidade"},"content":{"rendered":"\t\t<div data-elementor-type=\"wp-page\" data-elementor-id=\"3\" class=\"elementor elementor-3\" data-elementor-post-type=\"page\">\n\t\t\t\t<div class=\"elementor-element elementor-element-de6dd90 e-flex e-con-boxed e-con e-parent\" data-id=\"de6dd90\" data-element_type=\"container\" data-settings=\"{&quot;background_background&quot;:&quot;classic&quot;}\">\n\t\t\t\t\t<div class=\"e-con-inner\">\n\t\t\t\t<div class=\"elementor-element elementor-element-72d8bcd elementor-invisible elementor-widget elementor-widget-heading\" data-id=\"72d8bcd\" data-element_type=\"widget\" data-settings=\"{&quot;_animation&quot;:&quot;fadeInDown&quot;}\" data-widget_type=\"heading.default\">\n\t\t\t\t<div class=\"elementor-widget-container\">\n\t\t\t\t\t<h1 class=\"elementor-heading-title elementor-size-default\">POL\u00cdTICA DE PRIVACIDADE<\/h1>\t\t\t\t<\/div>\n\t\t\t\t<\/div>\n\t\t\t\t\t<\/div>\n\t\t\t\t<\/div>\n\t\t<div class=\"elementor-element elementor-element-0504d74 e-flex e-con-boxed e-con e-parent\" data-id=\"0504d74\" data-element_type=\"container\">\n\t\t\t\t\t<div class=\"e-con-inner\">\n\t\t\t\t<div class=\"elementor-element elementor-element-0713720 elementor-widget elementor-widget-text-editor\" data-id=\"0713720\" data-element_type=\"widget\" data-widget_type=\"text-editor.default\">\n\t\t\t\t<div class=\"elementor-widget-container\">\n\t\t\t\t\t\t\t\t\t<p>Para n\u00f3s a sua privacidade \u00e9 um assunto s\u00e9rio. Conhe\u00e7a aqui tudo sobre a prote\u00e7\u00e3o da privacidade e dos dados pessoais dos nossos clientes e utilizadores dos nossos servi\u00e7os.<\/p>\t\t\t\t\t\t\t\t<\/div>\n\t\t\t\t<\/div>\n\t\t\t\t<div class=\"elementor-element elementor-element-84e0cfd elementor-widget elementor-widget-text-editor\" data-id=\"84e0cfd\" data-element_type=\"widget\" data-widget_type=\"text-editor.default\">\n\t\t\t\t<div class=\"elementor-widget-container\">\n\t\t\t\t\t\t\t\t\t<p>QUE DADOS PESSOAIS RECOLHEMOS?<\/p>\t\t\t\t\t\t\t\t<\/div>\n\t\t\t\t<\/div>\n\t\t\t\t<div class=\"elementor-element elementor-element-11dceed elementor-widget elementor-widget-text-editor\" data-id=\"11dceed\" data-element_type=\"widget\" data-widget_type=\"text-editor.default\">\n\t\t\t\t<div class=\"elementor-widget-container\">\n\t\t\t\t\t\t\t\t\t<table>\n<tbody>\n<tr>\n<th>CATEGORIAS DE DADOS<\/th>\n<th>EXEMPLOS<\/th>\n<\/tr>\n<tr>\n<td>Identifica\u00e7\u00e3o<\/td>\n<td>Nome, NIF, Morada, Data de Nascimento, Estado Civil<\/td>\n<\/tr>\n<tr>\n<td>Contacto<\/td>\n<td>Telefone e E-mail<\/td>\n<\/tr>\n<tr>\n<td>Perfil e Interesses<\/td>\n<td>Servi\u00e7os e produtos adquiridos, frequ\u00eancia de visita, datas das visitas, hist\u00f3rico t\u00e9cnico, etc<\/td>\n<\/tr>\n<\/tbody>\n<\/table>\t\t\t\t\t\t\t\t<\/div>\n\t\t\t\t<\/div>\n\t\t\t\t<div class=\"elementor-element elementor-element-b0a09e6 elementor-widget elementor-widget-text-editor\" data-id=\"b0a09e6\" data-element_type=\"widget\" data-widget_type=\"text-editor.default\">\n\t\t\t\t<div class=\"elementor-widget-container\">\n\t\t\t\t\t\t\t\t\t<p>QUEM \u00c9 O RESPONS\u00c1VEL PELO TRATAMENTO DOS SEUS DADOS PESSOAIS?<\/p><p>PORQUE \u00c9 QUE RECOLHEMOS ESTES DADOS?<\/p>\t\t\t\t\t\t\t\t<\/div>\n\t\t\t\t<\/div>\n\t\t\t\t<div class=\"elementor-element elementor-element-2a683c5 elementor-widget elementor-widget-text-editor\" data-id=\"2a683c5\" data-element_type=\"widget\" data-widget_type=\"text-editor.default\">\n\t\t\t\t<div class=\"elementor-widget-container\">\n\t\t\t\t\t\t\t\t\t<p>\u2022 Consentimento<br \/>Quando temos o seu consentimento pr\u00e9vio e expresso por escrito em papel ou online.<\/p><p>\u00a0<\/p><p>\u2022 Na vig\u00eancia de um contrato de presta\u00e7\u00e3o de servi\u00e7os<br \/>Quando o tratamento de dados pessoais \u00e9 necess\u00e1rio para a celebra\u00e7\u00e3o, execu\u00e7\u00e3o e gest\u00e3o do contrato de presta\u00e7\u00e3o de servi\u00e7os.<\/p><p>\u00a0<\/p><p>\u2022 Cumprimento de obriga\u00e7\u00e3o legal<br \/>Quando o tratamento de dados pessoais \u00e9 necess\u00e1rio para cumprir uma obriga\u00e7\u00e3o legal a que o <strong>Cubo Vertical<\/strong> esteja sujeita de forma direta ou indireta (por for\u00e7a do contrato de presta\u00e7\u00e3o de servi\u00e7os com o cliente).<\/p>\t\t\t\t\t\t\t\t<\/div>\n\t\t\t\t<\/div>\n\t\t\t\t<div class=\"elementor-element elementor-element-8269d56 elementor-widget elementor-widget-text-editor\" data-id=\"8269d56\" data-element_type=\"widget\" data-widget_type=\"text-editor.default\">\n\t\t\t\t<div class=\"elementor-widget-container\">\n\t\t\t\t\t\t\t\t\t<p>COM QUEM PARTILHAMOS OS SEUS DADOS PESSOAIS?<\/p>\t\t\t\t\t\t\t\t<\/div>\n\t\t\t\t<\/div>\n\t\t\t\t<div class=\"elementor-element elementor-element-e0808f6 elementor-widget elementor-widget-text-editor\" data-id=\"e0808f6\" data-element_type=\"widget\" data-widget_type=\"text-editor.default\">\n\t\t\t\t<div class=\"elementor-widget-container\">\n\t\t\t\t\t\t\t\t\t<p>\u2022 Organismos p\u00fablicos (Autoridade Tribut\u00e1ria, Tribunais, etc.)<br \/>Entidades a quem os dados tenham de ser comunicados por for\u00e7a da lei.<\/p><p>\u00a0<\/p><p>\u2022 Subcontratantes<br \/>Os seus dados podem ser transmitidos a subcontratantes para que estes os tratem em nosso nome.<br \/>Neste caso tomaremos as medidas contratuais necess\u00e1rias para garantir que os subcontratantes respeitam e protegem os dados pessoais do titular.<\/p>\t\t\t\t\t\t\t\t<\/div>\n\t\t\t\t<\/div>\n\t\t\t\t<div class=\"elementor-element elementor-element-6def528 elementor-widget elementor-widget-text-editor\" data-id=\"6def528\" data-element_type=\"widget\" data-widget_type=\"text-editor.default\">\n\t\t\t\t<div class=\"elementor-widget-container\">\n\t\t\t\t\t\t\t\t\t<p>O QUE FAZEMOS COM OS DADOS PESSOAIS?<\/p>\t\t\t\t\t\t\t\t<\/div>\n\t\t\t\t<\/div>\n\t\t\t\t<div class=\"elementor-element elementor-element-1cf8061 elementor-widget elementor-widget-text-editor\" data-id=\"1cf8061\" data-element_type=\"widget\" data-widget_type=\"text-editor.default\">\n\t\t\t\t<div class=\"elementor-widget-container\">\n\t\t\t\t\t\t\t\t\t<p>Os dados pessoais podem ser utilizados para cobran\u00e7a de servi\u00e7os; divulga\u00e7\u00e3o de campanhas de marketing; defini\u00e7\u00e3o de perfis de consumo, otimiza\u00e7\u00e3o da experi\u00eancia do cliente; adapta\u00e7\u00e3o e desenvolvimento de novos produtos ou servi\u00e7os.<\/p>\t\t\t\t\t\t\t\t<\/div>\n\t\t\t\t<\/div>\n\t\t\t\t<div class=\"elementor-element elementor-element-49a6c16 elementor-widget elementor-widget-text-editor\" data-id=\"49a6c16\" data-element_type=\"widget\" data-widget_type=\"text-editor.default\">\n\t\t\t\t<div class=\"elementor-widget-container\">\n\t\t\t\t\t\t\t\t\t<p>POR QUANTO TEMPO ARMAZENAMOS OS DADOS PESSOAIS?<\/p>\t\t\t\t\t\t\t\t<\/div>\n\t\t\t\t<\/div>\n\t\t\t\t<div class=\"elementor-element elementor-element-83b92c8 elementor-widget elementor-widget-text-editor\" data-id=\"83b92c8\" data-element_type=\"widget\" data-widget_type=\"text-editor.default\">\n\t\t\t\t<div class=\"elementor-widget-container\">\n\t\t\t\t\t\t\t\t\t<p>\u2022 Dados obrigat\u00f3rios para o cumprimento das obriga\u00e7\u00f5es legais<br \/>Ser\u00e3o guardados pelo per\u00edodo legal exigido (por exemplo, Administra\u00e7\u00e3o Tribut\u00e1ria \u2013 12 anos).<\/p><p>\u00a0<\/p><p>\u2022 Outros dados<br \/>Ser\u00e3o guardados apenas pelo per\u00edodo de tempo necess\u00e1rio para a realiza\u00e7\u00e3o da finalidade definida ou, consoante o que for aplic\u00e1vel, at\u00e9 que exer\u00e7a o seu direito de oposi\u00e7\u00e3o, direito a ser esquecido ou retire o consentimento.<\/p>\t\t\t\t\t\t\t\t<\/div>\n\t\t\t\t<\/div>\n\t\t\t\t<div class=\"elementor-element elementor-element-7a42eb3 elementor-widget elementor-widget-text-editor\" data-id=\"7a42eb3\" data-element_type=\"widget\" data-widget_type=\"text-editor.default\">\n\t\t\t\t<div class=\"elementor-widget-container\">\n\t\t\t\t\t\t\t\t\t<p>COMO PODE ACEDER AOS DADOS PESSOAIS QUE DETEMOS?<\/p>\t\t\t\t\t\t\t\t<\/div>\n\t\t\t\t<\/div>\n\t\t\t\t<div class=\"elementor-element elementor-element-87fe7d8 elementor-widget elementor-widget-text-editor\" data-id=\"87fe7d8\" data-element_type=\"widget\" data-widget_type=\"text-editor.default\">\n\t\t\t\t<div class=\"elementor-widget-container\">\n\t\t\t\t\t\t\t\t\tPode solicitar a qualquer momento o acesso aos seus dados pessoais mediante pedido escrito para o endere\u00e7o <a href=\"mailto:cubovertical@cubovertical.pt\"> cubovertical@cubovertical.pt\u00a0<\/a>e responderemos no prazo m\u00e1ximo de 30 dias. Pode tamb\u00e9m consultar a nossa pol\u00edtica de privacidade a qualquer momento online em <a href=\"https:\/\/cubovertical.pt\/politica-de-privacidade\">https:\/\/cubovertical.pt\/politica-de-privacidade<\/a>. Assumimos o compromisso de total transpar\u00eancia e n\u00e3o ocultaremos informa\u00e7\u00e3o em letras pequenas.\t\t\t\t\t\t\t\t<\/div>\n\t\t\t\t<\/div>\n\t\t\t\t<div class=\"elementor-element elementor-element-be35fa9 elementor-widget elementor-widget-text-editor\" data-id=\"be35fa9\" data-element_type=\"widget\" data-widget_type=\"text-editor.default\">\n\t\t\t\t<div class=\"elementor-widget-container\">\n\t\t\t\t\t\t\t\t\t<p>QUAIS S\u00c3O OS DIREITOS E COMO PODE EXERC\u00ca-LOS?<\/p>\t\t\t\t\t\t\t\t<\/div>\n\t\t\t\t<\/div>\n\t\t\t\t<div class=\"elementor-element elementor-element-a8043c9 elementor-widget elementor-widget-text-editor\" data-id=\"a8043c9\" data-element_type=\"widget\" data-widget_type=\"text-editor.default\">\n\t\t\t\t<div class=\"elementor-widget-container\">\n\t\t\t\t\t\t\t\t\t<p>\u2022 Direito de Acesso<br \/>Direito a obter a confirma\u00e7\u00e3o de quais s\u00e3o os seus dados pessoais que s\u00e3o tratados e informa\u00e7\u00e3o sobre os mesmos, como por exemplo, quais as finalidades do tratamento, quais os prazos de conserva\u00e7\u00e3o, entre outros.<\/p><p>\u00a0<\/p><p>\u2022 Direito de Retifica\u00e7\u00e3o<br \/>Direito de solicitar a retifica\u00e7\u00e3o dos seus dados pessoais que se encontrem inexatos ou solicitar que os dados pessoais incompletos sejam completados.<\/p><p>\u00a0<\/p><p>\u2022 Direito ao Apagamento ou Esquecimento<br \/>Direito de obter o apagamento dos seus dados pessoais, desde que n\u00e3o se verifiquem fundamentos v\u00e1lidos e nomeadamente legais para a sua conserva\u00e7\u00e3o (por exemplo, obriga\u00e7\u00f5es legais impostas pela Autoridade Tribut\u00e1ria ou Tribunais).<\/p><p>\u00a0<\/p><p>\u2022 Direito \u00e0 Portabilidade<br \/>Direito de receber os dados que forneceu em formato digital de uso corrente ou de solicitar a transmiss\u00e3o direta dos seus dados para outra entidade.<\/p><p>\u00a0<\/p><p>\u2022 Direito de Oposi\u00e7\u00e3o<br \/>Direito de se opor ou retirar o seu consentimento, a qualquer momento a um tratamento de dados, desde que n\u00e3o se verifiquem fundamentos v\u00e1lidos e nomeadamente legais para a sua conserva\u00e7\u00e3o (por exemplo, obriga\u00e7\u00f5es legais impostas pela Autoridade Tribut\u00e1ria ou Tribunais).<\/p><p>\u00a0<\/p><p>\u2022 Direito de Limita\u00e7\u00e3o<br \/>Direito a solicitar a limita\u00e7\u00e3o do tratamento dos seus dados pessoais, sob a forma de suspens\u00e3o do tratamento ou limita\u00e7\u00e3o do \u00e2mbito do tratamento a certas categorias de dados ou finalidades de tratamento, desde que n\u00e3o se verifiquem fundamentos v\u00e1lidos e nomeadamente legais para a sua conserva\u00e7\u00e3o (por exemplo, obriga\u00e7\u00f5es legais impostas pela Autoridade Tribut\u00e1ria ou Tribunais).<\/p><p>\u00a0<\/p><p>\u2022 Direito de N\u00e3o Sujei\u00e7\u00e3o a Decis\u00f5es Automatizadas<br \/>Direito a n\u00e3o estar sujeito a decis\u00f5es tomadas exclusivamente com base num tratamento de dados feito por um programa inform\u00e1tico destinado a avaliar determinadas caracter\u00edsticas do titular de dados, desde que n\u00e3o se verifiquem fundamentos v\u00e1lidos e nomeadamente legais para a sua conserva\u00e7\u00e3o (por exemplo, obriga\u00e7\u00f5es legais impostas pela Autoridade Tribut\u00e1ria ou Tribunais).<\/p><p>\u00a0<\/p><p>\u2022 Direito de Reclama\u00e7\u00e3o<br \/>Direito de apresentar reclama\u00e7\u00e3o \u00e0 <strong>Cubo Vertical<\/strong> e\/ou \u00e0 autoridade de controlo (CNPD), atrav\u00e9s dos seguintes contactos:<br \/>Morada: Rua de S\u00e3o Bento n.\u00ba 148-3\u00ba 1200-821 Lisboa<br \/>Tel.: +351 213928400 \u2013 Fax: +351 213976832 E-mail: geral@cnpd.pt<\/p><p>\u00a0<\/p><p>\u2022 Direito de Notifica\u00e7\u00e3o<br \/>Direito de ser notificado pelo respons\u00e1vel pelo tratamento dos dados pessoais de situa\u00e7\u00f5es em que tenha havido retifica\u00e7\u00e3o ou apagamento dos dados ou viola\u00e7\u00e3o dos dados pessoais com risco elevado para os direitos e liberdades pessoais, salvo se tal se revelar de todo imposs\u00edvel ou implicar um esfor\u00e7o desproporcionado.<\/p><p>O exerc\u00edcio dos seus direitos pode ser solicitado a qualquer momento mediante pedido escrito para o endere\u00e7o<br \/>cubovertical@cubovertical.pt.<br \/>Responderemos sempre no prazo m\u00e1ximo de 30 dias.<\/p>\t\t\t\t\t\t\t\t<\/div>\n\t\t\t\t<\/div>\n\t\t\t\t\t<\/div>\n\t\t\t\t<\/div>\n\t\t\t\t<\/div>\n\t\t","protected":false},"excerpt":{"rendered":"<p>POL\u00cdTICA DE PRIVACIDADE Para n\u00f3s a sua privacidade \u00e9 um assunto s\u00e9rio. Conhe\u00e7a aqui tudo sobre a prote\u00e7\u00e3o da privacidade e dos dados pessoais dos nossos clientes e utilizadores dos nossos servi\u00e7os. QUE DADOS PESSOAIS RECOLHEMOS? CATEGORIAS DE DADOS EXEMPLOS Identifica\u00e7\u00e3o Nome, NIF, Morada, Data de Nascimento, Estado Civil Contacto Telefone e E-mail Perfil e [&hellip;]<\/p>\n","protected":false},"author":1,"featured_media":0,"parent":0,"menu_order":0,"comment_status":"closed","ping_status":"closed","template":"","meta":{"footnotes":""},"class_list":["post-3","page","type-page","status-publish","hentry"],"_links":{"self":[{"href":"https:\/\/cubovertical.pt\/en\/wp-json\/wp\/v2\/pages\/3","targetHints":{"allow":["GET"]}}],"collection":[{"href":"https:\/\/cubovertical.pt\/en\/wp-json\/wp\/v2\/pages"}],"about":[{"href":"https:\/\/cubovertical.pt\/en\/wp-json\/wp\/v2\/types\/page"}],"author":[{"embeddable":true,"href":"https:\/\/cubovertical.pt\/en\/wp-json\/wp\/v2\/users\/1"}],"replies":[{"embeddable":true,"href":"https:\/\/cubovertical.pt\/en\/wp-json\/wp\/v2\/comments?post=3"}],"version-history":[{"count":8,"href":"https:\/\/cubovertical.pt\/en\/wp-json\/wp\/v2\/pages\/3\/revisions"}],"predecessor-version":[{"id":1134,"href":"https:\/\/cubovertical.pt\/en\/wp-json\/wp\/v2\/pages\/3\/revisions\/1134"}],"wp:attachment":[{"href":"https:\/\/cubovertical.pt\/en\/wp-json\/wp\/v2\/media?parent=3"}],"curies":[{"name":"wp","href":"https:\/\/api.w.org\/{rel}","templated":true}]}}